{"id":18840,"date":"2024-06-03T10:31:57","date_gmt":"2024-06-03T07:31:57","guid":{"rendered":"https:\/\/www.kktavastia.fi\/vanajaveden-opisto\/?post_type=event&#038;p=18840"},"modified":"2024-08-29T14:57:11","modified_gmt":"2024-08-29T11:57:11","slug":"tekstiilit-uusiks-tapahtuma-2","status":"publish","type":"event","link":"https:\/\/www.kktavastia.fi\/vanajaveden-opisto\/tapahtumat\/tekstiilit-uusiks-tapahtuma-2\/","title":{"rendered":"Tekstiilit Uusiks -tapahtuma"},"content":{"rendered":"<h4>Tekstiilit Uusiks -tapahtuma p\u00e4ivitt\u00e4\u00e4 tietosi tekstiilikierron nykytilasta ja kuluttajan vastuullisuudesta sek\u00e4 vaikutusmahdollisuuksista!<\/h4>\n<p><strong>Tekstiilit Uusiks 2024 on kierto- ja jakamistalouteen orientoiva maksuton tapahtuma, joka antaa tietoa tekstiilikierron nykytilasta ja kuluttajan vastuullisuudesta sek\u00e4 vaikutusmahdollisuuksista.\u00a0<\/strong><\/p>\n<p><span data-contrast=\"none\">Kest\u00e4v\u00e4n pukeutumisen n\u00e4yt\u00f6ksest\u00e4 ja n\u00e4yttelyt\u00f6ist\u00e4 saa ideoita, jotka innostavat <\/span><span data-contrast=\"none\">tekstiilien ja vaatteiden k\u00e4ytt\u00f6i\u00e4n pident\u00e4miseen. N<\/span><span data-contrast=\"auto\">\u00e4yt\u00f6ksess\u00e4 n\u00e4hd\u00e4\u00e4n t\u00e4h\u00e4n p\u00e4iv\u00e4\u00e4n tuotuja, stailattuja ja uudistettuja vaatteita.<\/span><span data-ccp-props=\"{&quot;134233117&quot;:false,&quot;134233118&quot;:false,&quot;201341983&quot;:0,&quot;335559738&quot;:0,&quot;335559739&quot;:0,&quot;335559740&quot;:279}\">\u00a0<\/span><\/p>\n<p><span data-contrast=\"auto\">Tapahtuman luennolla k\u00e4sitell\u00e4\u00e4n muodin ja tekstiilien vastuullista kuluttamista.<\/span><\/p>\n<p>K\u00e4sity\u00f6torilla<span data-contrast=\"auto\"> on myynniss\u00e4 kierr\u00e4tyshenkisi\u00e4 tuotteita, k\u00e4sity\u00f6tarvikkeita ja -materiaaleja. Paikalta l\u00f6ytyy my\u00f6s kirppismyynti\u00e4. Tavara vaihtaa omistajaa my\u00f6s ilman rahaa paikalla olevalla <\/span>Tuo ja vie -vaihtotorilla.<\/p>\n<p><span data-contrast=\"auto\">N\u00e4yttelyss\u00e4 on esill\u00e4 tapahtumaa j\u00e4rjest\u00e4vien oppilaitosten opiskelijoiden ja opettajien ideoita tekstiilien uudelleen k\u00e4ytt\u00e4misest\u00e4, vaatteiden korjaamisesta ja muokkaamisesta. N\u00e4yttely esittelee my\u00f6s eri vuosien kalenteripyyhkeit\u00e4. Kalenteripyyhkeit\u00e4 on tehty 1960-luvulta asti. Ohuelle puuvilla- tai pellavakankaalle painettiin kuvioita ja vuosikalenteri.<\/span><span data-ccp-props=\"{&quot;134233117&quot;:false,&quot;134233118&quot;:false,&quot;201341983&quot;:0,&quot;335559738&quot;:0,&quot;335559739&quot;:0,&quot;335559740&quot;:279}\">\u00a0<\/span><\/p>\n<p><span data-contrast=\"auto\">Mukana on my\u00f6s Luotsin tekstiilikierr\u00e4tys, joka myy tekstiilej\u00e4 ja ohjeistaa mm. poistotekstiileist\u00e4. <\/span><\/p>\n<p><span data-contrast=\"auto\">Tapahtumassa palvelee my\u00f6s kahvila.<\/span><span data-ccp-props=\"{&quot;134233117&quot;:false,&quot;134233118&quot;:false,&quot;201341983&quot;:0,&quot;335559738&quot;:0,&quot;335559739&quot;:0,&quot;335559740&quot;:279}\">\u00a0<\/span><\/p>\n<h4 class=\"cvGsUA direction-ltr align-start para-style-subtitle\"><span class=\"OYPEnA font-feature-liga-off font-feature-clig-off font-feature-calt-off text-decoration-none text-strikethrough-none\">klo 11.00 | Matkalla vastuulliseksi kuluttajaksi<br \/>\n<\/span><span class=\"OYPEnA font-feature-liga-off font-feature-clig-off font-feature-calt-off text-decoration-none text-strikethrough-none\">Emilia G\u00e4dda, johtava asiantuntija, vastuullisuus ja kiertotalous, Suomen Tekstiili &amp; Muoti<\/span><\/h4>\n<p><span data-contrast=\"auto\">Tapahtuman luennolla k\u00e4sitell\u00e4\u00e4n muodin ja tekstiilien vastuullista kuluttamista, my\u00f6s valmistajan n\u00e4k\u00f6kulmasta. Puheenvuoron tuo vastuullisuusasiantuntija <strong>Emilia G\u00e4dda<\/strong> Suomen Tekstiili &amp; Muoti ry:sta. <\/span><span class=\"OYPEnA font-feature-liga-off font-feature-clig-off font-feature-calt-off text-decoration-none text-strikethrough-none\">Millainen on vaatteen matka? Vaatteen valmistusprosessi, valmistajan velvoitteet ja vastuullisuus sek\u00e4 tekstiilin kierto niin valmistajan kuin kuluttajankin n\u00e4k\u00f6kulmasta. Luennolle voi osallistua my\u00f6s et\u00e4n\u00e4, ilmoit<\/span><span class=\"OYPEnA font-feature-liga-off font-feature-clig-off font-feature-calt-off text-decoration-none text-strikethrough-none\">taudu t\u00e4st\u00e4: <\/span><a class=\"OYPEnA font-feature-liga-off font-feature-clig-off font-feature-calt-off text-decoration-underline text-strikethrough-none\" draggable=\"false\" href=\"https:\/\/bit.ly\/Luento-tekstiilituusiks2024\" target=\"_blank\" rel=\"noopener\">bit.ly\/Luento-tekstiilituusiks2024<\/a><\/p>\n<h4><span class=\"OYPEnA font-feature-liga-off font-feature-clig-off font-feature-calt-off text-decoration-none text-strikethrough-none\">klo 13.00 | Tekstiilit Uusiks \u2013 kest\u00e4v\u00e4n pukeutumisen n\u00e4yt\u00f6s<\/span><\/h4>\n<p class=\"cvGsUA direction-ltr align-justify para-style-body\"><span class=\"OYPEnA font-feature-liga-off font-feature-clig-off font-feature-calt-off text-decoration-none text-strikethrough-none\">Kierr\u00e4tetyist\u00e4 kankaista valmistettuja, uudistettuja ja tuunattuja vaatteita sek\u00e4 vintagevaatteita menneilt\u00e4 vuosikymmenilt\u00e4. Asukokonaisuuksien stailauksessa voi vapaasti k\u00e4ytt\u00e4\u00e4 mielikuvitusta. N\u00e4emme stailauksia niin t\u00e4m\u00e4n p\u00e4iv\u00e4n arkeen kuin mielikuvituksellisiin tapahtumiin. <\/span><span class=\"OYPEnA font-feature-liga-off font-feature-clig-off font-feature-calt-off text-decoration-none text-strikethrough-none\">Ammattiopisto Tavastian tekstiili- ja muotialan opiskelijat ovat suunnitelleet asukokonaisuudet ja stailauksen. Toteutus yhteisty\u00f6ss\u00e4 Luotsi-s\u00e4\u00e4ti\u00f6n kierr\u00e4tysmyym\u00e4l\u00e4n ja vaatetussuunnittelija, stylisti <strong>Beda Sunin<\/strong> kanssa.<\/span><\/p>\n<p>&nbsp;<\/p>\n<p><em>Vuosittain j\u00e4rjestett\u00e4v\u00e4 Tekstiilit Uusiks -tapahtuma on ollut edell\u00e4k\u00e4vij\u00e4 jo vuodesta 2016. Tapahtumat j\u00e4rjestet\u00e4\u00e4n yhteisty\u00f6ss\u00e4 Vanajaveden Opiston, Ammattiopisto Tavastian, Valkeakoski-opiston ja Wahren-opiston kanssa.<\/em><\/p>\n<p>Lue tarkemmin tapahtumasta <a href=\"https:\/\/www.kktavastia.fi\/vanajaveden-opisto\/tietoa-opistosta\/lisatietoja-kursseista\/tekstiilit-uusiks-2023\/\">t\u00e4\u00e4lt\u00e4<\/a>.<\/p>\n<p><img loading=\"lazy\" decoding=\"async\" class=\"alignnone wp-image-18844\" src=\"https:\/\/www.kktavastia.fi\/media\/sites\/3\/tekstiilituusiks2024_some-1-300x300.png\" alt=\"\" width=\"500\" height=\"500\" srcset=\"https:\/\/www.kktavastia.fi\/media\/sites\/3\/tekstiilituusiks2024_some-1-300x300.png 300w, https:\/\/www.kktavastia.fi\/media\/sites\/3\/tekstiilituusiks2024_some-1-1024x1024.png 1024w, https:\/\/www.kktavastia.fi\/media\/sites\/3\/tekstiilituusiks2024_some-1-150x150.png 150w, https:\/\/www.kktavastia.fi\/media\/sites\/3\/tekstiilituusiks2024_some-1-768x768.png 768w, https:\/\/www.kktavastia.fi\/media\/sites\/3\/tekstiilituusiks2024_some-1-460x460.png 460w, https:\/\/www.kktavastia.fi\/media\/sites\/3\/tekstiilituusiks2024_some-1-20x20.png 20w, https:\/\/www.kktavastia.fi\/media\/sites\/3\/tekstiilituusiks2024_some-1.png 1080w\" sizes=\"auto, (max-width: 500px) 100vw, 500px\" \/><\/p>\n","protected":false},"featured_media":0,"template":"","meta":{"_acf_changed":false,"_relevanssi_hide_post":"","_relevanssi_hide_content":"","_relevanssi_pin_for_all":"","_relevanssi_pin_keywords":"","_relevanssi_unpin_keywords":"","_relevanssi_related_keywords":"","_relevanssi_related_include_ids":"0","_relevanssi_related_exclude_ids":"","_relevanssi_related_no_append":"","_relevanssi_related_not_related":"","_relevanssi_related_posts":"16728,12154,16835,16882,15149,14976","_relevanssi_noindex_reason":"","footnotes":""},"class_list":["post-18840","event","type-event","status-publish","hentry"],"acf":[],"yoast_head":"<title>Tekstiilit Uusiks -tapahtuma - Vanajaveden Opisto<\/title>\n<meta name=\"robots\" content=\"index, follow, max-snippet:-1, max-image-preview:large, max-video-preview:-1\" \/>\n<link rel=\"canonical\" href=\"https:\/\/www.kktavastia.fi\/vanajaveden-opisto\/tapahtumat\/tekstiilit-uusiks-tapahtuma-2\/\" \/>\n<meta property=\"og:locale\" content=\"fi_FI\" \/>\n<meta property=\"og:type\" content=\"article\" \/>\n<meta property=\"og:title\" content=\"Tekstiilit Uusiks -tapahtuma - Vanajaveden Opisto\" \/>\n<meta property=\"og:description\" content=\"Tekstiilit Uusiks -tapahtuma p\u00e4ivitt\u00e4\u00e4 tietosi tekstiilikierron nykytilasta ja kuluttajan vastuullisuudesta sek\u00e4 vaikutusmahdollisuuksista! Tekstiilit Uusiks 2024 on kierto- ja jakamistalouteen orientoiva [&hellip;]\" \/>\n<meta property=\"og:url\" content=\"https:\/\/www.kktavastia.fi\/vanajaveden-opisto\/tapahtumat\/tekstiilit-uusiks-tapahtuma-2\/\" \/>\n<meta property=\"og:site_name\" content=\"Vanajaveden Opisto\" \/>\n<meta property=\"article:modified_time\" content=\"2024-08-29T11:57:11+00:00\" \/>\n<meta property=\"og:image\" content=\"https:\/\/www.kktavastia.fi\/media\/sites\/3\/tekstiilituusiks2024_some-1-300x300.png\" \/>\n<meta name=\"twitter:card\" content=\"summary_large_image\" \/>\n<script type=\"application\/ld+json\" class=\"yoast-schema-graph\">{\"@context\":\"https:\\\/\\\/schema.org\",\"@graph\":[{\"@type\":\"WebPage\",\"@id\":\"https:\\\/\\\/www.kktavastia.fi\\\/vanajaveden-opisto\\\/tapahtumat\\\/tekstiilit-uusiks-tapahtuma-2\\\/\",\"url\":\"https:\\\/\\\/www.kktavastia.fi\\\/vanajaveden-opisto\\\/tapahtumat\\\/tekstiilit-uusiks-tapahtuma-2\\\/\",\"name\":\"Tekstiilit Uusiks -tapahtuma - Vanajaveden Opisto\",\"isPartOf\":{\"@id\":\"https:\\\/\\\/www.kktavastia.fi\\\/vanajaveden-opisto\\\/#website\"},\"primaryImageOfPage\":{\"@id\":\"https:\\\/\\\/www.kktavastia.fi\\\/vanajaveden-opisto\\\/tapahtumat\\\/tekstiilit-uusiks-tapahtuma-2\\\/#primaryimage\"},\"image\":{\"@id\":\"https:\\\/\\\/www.kktavastia.fi\\\/vanajaveden-opisto\\\/tapahtumat\\\/tekstiilit-uusiks-tapahtuma-2\\\/#primaryimage\"},\"thumbnailUrl\":\"https:\\\/\\\/www.kktavastia.fi\\\/media\\\/sites\\\/3\\\/tekstiilituusiks2024_some-1-300x300.png\",\"datePublished\":\"2024-06-03T07:31:57+00:00\",\"dateModified\":\"2024-08-29T11:57:11+00:00\",\"breadcrumb\":{\"@id\":\"https:\\\/\\\/www.kktavastia.fi\\\/vanajaveden-opisto\\\/tapahtumat\\\/tekstiilit-uusiks-tapahtuma-2\\\/#breadcrumb\"},\"inLanguage\":\"fi\",\"potentialAction\":[{\"@type\":\"ReadAction\",\"target\":[\"https:\\\/\\\/www.kktavastia.fi\\\/vanajaveden-opisto\\\/tapahtumat\\\/tekstiilit-uusiks-tapahtuma-2\\\/\"]}]},{\"@type\":\"ImageObject\",\"inLanguage\":\"fi\",\"@id\":\"https:\\\/\\\/www.kktavastia.fi\\\/vanajaveden-opisto\\\/tapahtumat\\\/tekstiilit-uusiks-tapahtuma-2\\\/#primaryimage\",\"url\":\"https:\\\/\\\/www.kktavastia.fi\\\/media\\\/sites\\\/3\\\/tekstiilituusiks2024_some-1-300x300.png\",\"contentUrl\":\"https:\\\/\\\/www.kktavastia.fi\\\/media\\\/sites\\\/3\\\/tekstiilituusiks2024_some-1-300x300.png\"},{\"@type\":\"BreadcrumbList\",\"@id\":\"https:\\\/\\\/www.kktavastia.fi\\\/vanajaveden-opisto\\\/tapahtumat\\\/tekstiilit-uusiks-tapahtuma-2\\\/#breadcrumb\",\"itemListElement\":[{\"@type\":\"ListItem\",\"position\":1,\"name\":\"Home\",\"item\":\"https:\\\/\\\/www.kktavastia.fi\\\/vanajaveden-opisto\\\/\"},{\"@type\":\"ListItem\",\"position\":2,\"name\":\"Tapahtumat\",\"item\":\"https:\\\/\\\/www.kktavastia.fi\\\/vanajaveden-opisto\\\/tapahtumat\\\/\"},{\"@type\":\"ListItem\",\"position\":3,\"name\":\"Tekstiilit Uusiks -tapahtuma\"}]},{\"@type\":\"WebSite\",\"@id\":\"https:\\\/\\\/www.kktavastia.fi\\\/vanajaveden-opisto\\\/#website\",\"url\":\"https:\\\/\\\/www.kktavastia.fi\\\/vanajaveden-opisto\\\/\",\"name\":\"Vanajaveden Opisto\",\"description\":\"\",\"potentialAction\":[{\"@type\":\"SearchAction\",\"target\":{\"@type\":\"EntryPoint\",\"urlTemplate\":\"https:\\\/\\\/www.kktavastia.fi\\\/vanajaveden-opisto\\\/?s={search_term_string}\"},\"query-input\":{\"@type\":\"PropertyValueSpecification\",\"valueRequired\":true,\"valueName\":\"search_term_string\"}}],\"inLanguage\":\"fi\"}]}<\/script>","yoast_head_json":{"title":"Tekstiilit Uusiks -tapahtuma - Vanajaveden Opisto","robots":{"index":"index","follow":"follow","max-snippet":"max-snippet:-1","max-image-preview":"max-image-preview:large","max-video-preview":"max-video-preview:-1"},"canonical":"https:\/\/www.kktavastia.fi\/vanajaveden-opisto\/tapahtumat\/tekstiilit-uusiks-tapahtuma-2\/","og_locale":"fi_FI","og_type":"article","og_title":"Tekstiilit Uusiks -tapahtuma - Vanajaveden Opisto","og_description":"Tekstiilit Uusiks -tapahtuma p\u00e4ivitt\u00e4\u00e4 tietosi tekstiilikierron nykytilasta ja kuluttajan vastuullisuudesta sek\u00e4 vaikutusmahdollisuuksista! Tekstiilit Uusiks 2024 on kierto- ja jakamistalouteen orientoiva [&hellip;]","og_url":"https:\/\/www.kktavastia.fi\/vanajaveden-opisto\/tapahtumat\/tekstiilit-uusiks-tapahtuma-2\/","og_site_name":"Vanajaveden Opisto","article_modified_time":"2024-08-29T11:57:11+00:00","og_image":[{"url":"https:\/\/www.kktavastia.fi\/media\/sites\/3\/tekstiilituusiks2024_some-1-300x300.png","type":"","width":"","height":""}],"twitter_card":"summary_large_image","schema":{"@context":"https:\/\/schema.org","@graph":[{"@type":"WebPage","@id":"https:\/\/www.kktavastia.fi\/vanajaveden-opisto\/tapahtumat\/tekstiilit-uusiks-tapahtuma-2\/","url":"https:\/\/www.kktavastia.fi\/vanajaveden-opisto\/tapahtumat\/tekstiilit-uusiks-tapahtuma-2\/","name":"Tekstiilit Uusiks -tapahtuma - Vanajaveden Opisto","isPartOf":{"@id":"https:\/\/www.kktavastia.fi\/vanajaveden-opisto\/#website"},"primaryImageOfPage":{"@id":"https:\/\/www.kktavastia.fi\/vanajaveden-opisto\/tapahtumat\/tekstiilit-uusiks-tapahtuma-2\/#primaryimage"},"image":{"@id":"https:\/\/www.kktavastia.fi\/vanajaveden-opisto\/tapahtumat\/tekstiilit-uusiks-tapahtuma-2\/#primaryimage"},"thumbnailUrl":"https:\/\/www.kktavastia.fi\/media\/sites\/3\/tekstiilituusiks2024_some-1-300x300.png","datePublished":"2024-06-03T07:31:57+00:00","dateModified":"2024-08-29T11:57:11+00:00","breadcrumb":{"@id":"https:\/\/www.kktavastia.fi\/vanajaveden-opisto\/tapahtumat\/tekstiilit-uusiks-tapahtuma-2\/#breadcrumb"},"inLanguage":"fi","potentialAction":[{"@type":"ReadAction","target":["https:\/\/www.kktavastia.fi\/vanajaveden-opisto\/tapahtumat\/tekstiilit-uusiks-tapahtuma-2\/"]}]},{"@type":"ImageObject","inLanguage":"fi","@id":"https:\/\/www.kktavastia.fi\/vanajaveden-opisto\/tapahtumat\/tekstiilit-uusiks-tapahtuma-2\/#primaryimage","url":"https:\/\/www.kktavastia.fi\/media\/sites\/3\/tekstiilituusiks2024_some-1-300x300.png","contentUrl":"https:\/\/www.kktavastia.fi\/media\/sites\/3\/tekstiilituusiks2024_some-1-300x300.png"},{"@type":"BreadcrumbList","@id":"https:\/\/www.kktavastia.fi\/vanajaveden-opisto\/tapahtumat\/tekstiilit-uusiks-tapahtuma-2\/#breadcrumb","itemListElement":[{"@type":"ListItem","position":1,"name":"Home","item":"https:\/\/www.kktavastia.fi\/vanajaveden-opisto\/"},{"@type":"ListItem","position":2,"name":"Tapahtumat","item":"https:\/\/www.kktavastia.fi\/vanajaveden-opisto\/tapahtumat\/"},{"@type":"ListItem","position":3,"name":"Tekstiilit Uusiks -tapahtuma"}]},{"@type":"WebSite","@id":"https:\/\/www.kktavastia.fi\/vanajaveden-opisto\/#website","url":"https:\/\/www.kktavastia.fi\/vanajaveden-opisto\/","name":"Vanajaveden Opisto","description":"","potentialAction":[{"@type":"SearchAction","target":{"@type":"EntryPoint","urlTemplate":"https:\/\/www.kktavastia.fi\/vanajaveden-opisto\/?s={search_term_string}"},"query-input":{"@type":"PropertyValueSpecification","valueRequired":true,"valueName":"search_term_string"}}],"inLanguage":"fi"}]}},"_links":{"self":[{"href":"https:\/\/www.kktavastia.fi\/vanajaveden-opisto\/wp-json\/wp\/v2\/event\/18840","targetHints":{"allow":["GET"]}}],"collection":[{"href":"https:\/\/www.kktavastia.fi\/vanajaveden-opisto\/wp-json\/wp\/v2\/event"}],"about":[{"href":"https:\/\/www.kktavastia.fi\/vanajaveden-opisto\/wp-json\/wp\/v2\/types\/event"}],"version-history":[{"count":12,"href":"https:\/\/www.kktavastia.fi\/vanajaveden-opisto\/wp-json\/wp\/v2\/event\/18840\/revisions"}],"predecessor-version":[{"id":18998,"href":"https:\/\/www.kktavastia.fi\/vanajaveden-opisto\/wp-json\/wp\/v2\/event\/18840\/revisions\/18998"}],"wp:attachment":[{"href":"https:\/\/www.kktavastia.fi\/vanajaveden-opisto\/wp-json\/wp\/v2\/media?parent=18840"}],"curies":[{"name":"wp","href":"https:\/\/api.w.org\/{rel}","templated":true}]}}